{"id":29,"date":"2020-08-14T21:50:59","date_gmt":"2020-08-14T19:50:59","guid":{"rendered":"https:\/\/test.fwb-borchen.de\/?page_id=29"},"modified":"2020-09-04T20:14:50","modified_gmt":"2020-09-04T18:14:50","slug":"fwb-fuer-umwelt","status":"publish","type":"page","link":"https:\/\/www.fwb-borchen.de\/?page_id=29","title":{"rendered":"FWB f\u00fcr Umwelt"},"content":{"rendered":"\n<p>Wir tragen die Verantwortung f\u00fcr unsere Umwelt und die der kommenden Generationen. Mit unserem Handeln k\u00f6nnen wir positiv Einfluss nehmen.<\/p>\n\n\n\n<h2 class=\"has-white-color has-text-color has-background wp-block-heading\" style=\"background-color:#e84e0f\"><strong>Umgang mit Energie<\/strong><\/h2>\n\n\n\n<p>Dem Umstieg auf saubere, regenerative Energien sind wir n\u00e4her gekommen denn je zuvor. Zuk\u00fcnftige Generationen profitieren von diesem gro\u00dfen Schritt. Die Risiken f\u00fcr Mensch und Natur werden minimiert, nat\u00fcrliche Ressourcen nicht mehr zur Energiegewinnung verschwendet. Fukushima und Tschernobyl sind langwirkende Mahnungen am Ziel der Energiewende festzuhalten.<\/p>\n\n\n\n<div class=\"wp-block-image\"><figure class=\"alignright size-large is-resized\"><img data-recalc-dims=\"1\" loading=\"lazy\" decoding=\"async\" src=\"https:\/\/i0.wp.com\/www.fwb-borchen.de\/wp-content\/uploads\/2020\/09\/umwelt_klima_fwb_borchen.jpg?resize=412%2C616&#038;ssl=1\" alt=\"Umwelt- und Klimaschutz in BOrchen\" class=\"wp-image-237\" width=\"412\" height=\"616\"\/><\/figure><\/div>\n\n\n\n<h3 class=\"wp-block-heading\"><strong>Beitrag zur Energiewende<\/strong><\/h3>\n\n\n\n<p>Die Privathaushalte leisten bereits heute durch Bau- und Umbauma\u00dfnahmen einen deutlichen Beitrag zur Energiewende. Solarthermie, Photovoltaik und bessere D\u00e4mmungen setzen sich immer weiter durch. Ebenso spielen das Handwerk, die Kleinunternehmen und der Mittelstand beim Umstieg auf erneuerbare Energien eine wichtige Rolle: Sie beraten die Immobilienbesitzer, stellen die notwendigen Technologien her und setzen diese zur optimalen Energiegewinnung und -verwendung ein.<\/p>\n\n\n\n<h3 class=\"wp-block-heading\"><strong>Konsequente Energiewende im Einklang mit Mensch und Natur<\/strong><\/h3>\n\n\n\n<p>Die FWB fordert eine konsequente Energiewende und unterst\u00fctzt alle AkteurInnen auf dem Weg zum Atom- und Braunkohleausstieg. Wir streben dabei einen politischen Rahmen an, in dem Energie f\u00fcr jeden&nbsp;bezahlbar bleibt. F\u00fcr hohe Akzeptanz&nbsp;muss der Ausbau regenerativer Energien nachhaltig in der Abw\u00e4gung Mensch und Natur erfolgen.<\/p>\n\n\n\n<div class=\"wp-block-group has-light-gray-background-color has-background\"><div class=\"wp-block-group__inner-container is-layout-flow wp-block-group-is-layout-flow\">\n<h3 class=\"wp-block-heading\"><strong>Unsere Ideen \/ Forderungen:<\/strong><\/h3>\n\n\n\n<div class=\"wp-block-group\"><div class=\"wp-block-group__inner-container is-layout-flow wp-block-group-is-layout-flow\">\n<ul class=\"wp-block-list\"><li>Die Gemeinde erstellt einen Stufenplan zur energetischen Sanierung z.B. der Schulen, der Sporthallen,&nbsp;des Rathauses und der gemeindeeigenen Wohngeb\u00e4ude. Dieser Plan und dessen Fortschritte werden auf der Homepage ver\u00f6ffentlicht.<\/li><li>F\u00fcr die Klassenr\u00e4ume der Schulen wird ein zeitgem\u00e4\u00dfes Beleuchtungskonzept erarbeitet. Die veralteten Leuchtstoffr\u00f6hren durch energiesparende LED-Beleuchtung ausgetauscht.<\/li><li>Die Gemeinde veranstaltet Energiewettbewerbe in den Schulen. Welche Schule spart am meisten Strom und Heizenergie? Welche hat die innovativsten Ideen?<\/li><li>Weiterer Ausbau und Nutzung \u00f6ffentlicher Dachfl\u00e4chen zur regenerativen Energiegewinnung.<\/li><li>Energieberatung darf nicht vom Einkommen abh\u00e4ngig sein: In Kooperation mit Energieberatern ber\u00e4t die Gemeinde verg\u00fcnstigt \/ kostenlos zu Fragen der Energieverwendung und -einsparung.<\/li><li>Beratung und Unterst\u00fctzung von B\u00fcrgerInnen bei drohender Energiesperrung.<\/li><li>Die Gemeinde ver\u00f6ffentlicht auf ihrer Homepage, bei welchen Anbietern sie Energie bezieht, gibt Auskunft \u00fcber den Mix und die Herkunftsl\u00e4nder.<\/li><li>Erarbeitung eines rechtlich sicheren Fl\u00e4chennutzungsplans f\u00fcr den Bau von Windkraftanlagen.<\/li><li>Nutzung der Borchener Fl\u00e4chen f\u00fcr die Windkraft mit entsprechenden Abst\u00e4nden und Umzingelungsachsen im Einklang mit Mensch, Tier, Naturschutz und Umwelt.<\/li><li>Ma\u00dfnahmen zur Akzeptanzerh\u00f6hung der regenerativen Energien, u. a. Infoveranstaltungen, Diskussionen, Thementage.<\/li><li>Borchen schafft finanzielle Anreize zur Regenwassernutzung, zum Wassersparen und ebenso zur Entsiegelung der B\u00f6den.<\/li><\/ul>\n<\/div><\/div>\n<\/div><\/div>\n\n\n\n<h2 class=\"has-white-color has-text-color has-background wp-block-heading\" style=\"background-color:#e84e0f\">Naturschutz<\/h2>\n\n\n\n<p>In den letzten Jahren wurden gro\u00dfe Anstrengungen unternommen unsere Natur wieder in Einklang zu bringen. Chemische Stoffe und Produkte, die zum sauren Regen und zur Luftverschmutzung gef\u00fchrt haben, wurden vom Markt genommen oder ent- sch\u00e4rft. Einige Fl\u00fcsse sind aus ihrem Betonkorsett befreit und renaturiert worden.Trotz all dieser Fortschritte wird unsere heimische Natur weiterhin und nicht nur von neuen Entwick- lungen und Techniken immer wieder gef\u00e4hrdet.<\/p>\n\n\n\n<h3 class=\"wp-block-heading\"><strong>Globalisierung in der Tier- und Pflanzenwelt.<\/strong><\/h3>\n\n\n\n<p>Durch die Verflechtung unserer Natur und Nahrungs\u00admittelproduktion, der Landwirtschaft und der Globalisierung stehen wir vor dem Problem der Ent-&nbsp;fremdung von heimischen Pflanzen und Tieren, die&nbsp;unseren Schutz ben\u00f6tigen.<\/p>\n\n\n\n<p>Auf unseren Wiesen, in den W\u00e4ldern und Gew\u00e4ssern&nbsp;tummeln sich einerseits viele Pflanzen\u00ad und Tierarten,&nbsp;die hier bislang nicht vorgekommen sind. Anderer- seits haben sich in unserer Region Tiere wieder an-&nbsp;gesiedelt, die hier nicht mehr zu finden waren.<\/p>\n\n\n\n<div class=\"wp-block-group has-light-gray-background-color has-background\"><div class=\"wp-block-group__inner-container is-layout-flow wp-block-group-is-layout-flow\">\n<h3 class=\"wp-block-heading\"><strong>Unsere Ideen \/ Forderungen:<\/strong><\/h3>\n\n\n\n<ul class=\"wp-block-list\"><li>Durch verbesserte Entsorgungsangebote wird wilden M\u00fcllablagerungen entgegengewirkt. Dazu wird ein Gr\u00fcnschnitt-Ablageplatz am Bauhof der Gemeinde Borchen geschaffen.<\/li><li>Sensibililisierung der Menschen durch Infor- mationskampagnen und Veranstaltungen, um sowohl&nbsp;auf die neuen als auch auf die bedrohten Tierarten&nbsp;und Pflanzen aufmerksam zu machen.<\/li><li>Borchener Biologen und Zoologen wird auf der Homepage der Gemeinde eine Plattform ge- schaffen, auf der sie f\u00fcr Veranstaltungen und Aufkl\u00e4rungskampagnen werben k\u00f6nnen.<\/li><li>Aufh\u00e4ngen und Bereitstellen von Nistk\u00e4sten.<\/li><li>Anbringen von Informationsschildern zu Tierarten&nbsp;und Pflanzen an Borchener Wander\u00ad und Rad\u00ad&nbsp;wegen in der Gemeinde Borchen<\/li><\/ul>\n<\/div><\/div>\n\n\n\n<h2 class=\"has-white-color has-text-color has-background wp-block-heading\" style=\"background-color:#e84e0f\">Gr\u00fcner Garten \/ Bienensterben<\/h2>\n\n\n\n<p>Der Garten, wie wir ihn von fr\u00fcher kennen, ist Ver-&nbsp;gangenheit. Gr\u00fcnfl\u00e4chen weichen Kies\u00ad oder Pflas-&nbsp;terfl\u00e4chen. Nutzpflanzen, Obst\u00ad und Gem\u00fcse werden&nbsp;kaum noch angebaut, da die Lebensmittell\u00e4den unseren t\u00e4glichen Bedarf mehr als decken.Die Tiere finden immer weniger geeignete Lebens- bedingungen. Umweltschutzverb\u00e4nde weisen auf das massive Sterben von Insekten hin. Fast vierzigProzent der Fluginsekten, wie Wildbienen und Schmetterlinge sind vom Aussterben bedroht.<\/p>\n\n\n\n<h3 class=\"wp-block-heading\"><strong>Insekten vom Aussterben bedroht<\/strong><\/h3>\n\n\n\n<p>Prozent von Insekten best\u00e4ubt, wie auch unsere Lebensmittel zu einem gro\u00dfen Teil von der Existenz der Insekten abh\u00e4ngig sind. Sollte sich das Sterben weiter fortsetzen, wird sich dies mit dem Verlust&nbsp;weiterer Tier\u00ad und Pflanzenarten&nbsp;bemerkbar machen und unser \u00d6kosystem&nbsp;langfristig ver\u00e4ndern.<\/p>\n\n\n\n<p>Wir m\u00f6chten zu einem \u00f6kologischeren, tiefreundlichen Umfeld beitragen.<\/p>\n\n\n\n<div class=\"wp-block-group has-light-gray-background-color has-background\"><div class=\"wp-block-group__inner-container is-layout-flow wp-block-group-is-layout-flow\">\n<h3 class=\"wp-block-heading\"><strong>Unsere Ideen \/ Forderungen:<\/strong><\/h3>\n\n\n\n<ul class=\"wp-block-list\"><li>Durch Umgestaltung im Gemeindebesitz befind-&nbsp;licher Gr\u00fcnfl\u00e4chen und das Aufstellen von Insek- tenhotels setzt sich die Gemeinde Borchen als Vorbild gegen das Bienensterben ein.<\/li><\/ul>\n\n\n\n<ul class=\"wp-block-list\"><li>Hochwachsende Pflanzen (Haselnuss, Eberesche&nbsp;usw.) und ebenso alteingesessene, selten gewor- dene Obstb\u00e4ume werden in Zusammenarbeit mit dem \u00f6rtlichen Handel in einer Sammelbestellung g\u00fcnstig an Grundst\u00fccksbesitzer abgegeben. Dies schafft neue Lebensr\u00e4ume und f\u00fchrt zur Wieder-&nbsp;ansiedlung heimischer, robuster Pflanzensorten.<\/li><li>Teilnahme und F\u00f6rderung des Tags des offenen Gartens in Borchen.<\/li><li>Entwicklung eines Borchener Gartentages mit&nbsp;Pflanzenb\u00f6rse<\/li><li>Die Borchener Kreisverkehre werden den Bor- chener G\u00e4rtnereien und privaten Initiativen zur&nbsp;Gestaltung und als Werbefl\u00e4che \u00fcberlassen.<\/li><li>Organisation eines mobilen Entsafters, der an Saftpresstagen zentral zur Verf\u00fcgung steht.<\/li><\/ul>\n<\/div><\/div>\n\n\n\n<h2 class=\"has-white-color has-text-color has-background wp-block-heading\" style=\"background-color:#e84e0f\">Landwirtschaft und Nahrung<\/h2>\n\n\n\n<p>Landwirtschaftspolitik ist in erster Linie EU- und Bundespolitik. Nur in geringem Umfang kann unsere&nbsp;Gemeinde politisch darauf Einfluss nehmen. Doch&nbsp;gerade die l\u00e4ndlichen Gemeinden wie Borchen sind von falschen Entwicklungen in der Landwirtschafts- politik besonders betroffen.<\/p>\n\n\n\n<h3 class=\"wp-block-heading\"><strong>Bio als Perspektive f\u00fcr die Landwirtschaft<\/strong><\/h3>\n\n\n\n<p>Die FWB ist \u00fcberzeugt, dass Bio f\u00fcr die kleinr\u00e4umige Borchener Landwirtschaft beste Perspektiven bietet.<\/p>\n\n\n\n<p>Der \u00d6kolandbau schont die Natur und erh\u00e4lt unsere Kulturlandschaft. Durch Umstellung auf biologische Landwirtschaft werden die Produktionsmengen ver- ringert und infolge m\u00fcssen weniger Lebensmittel entsorgt werden.<\/p>\n\n\n\n<h3 class=\"wp-block-heading\"><strong>\u00d6ko und gesunde Ern\u00e4hrung als \u00dcberschneidung<\/strong><\/h3>\n\n\n\n<p>\u00d6kolandwirtschaft und Ern\u00e4hrung bilden in Hinsicht auf gesunde Ern\u00e4hrung und den Schutz der Natur einen sinnvollen thematischen Schnittpunkt.<\/p>\n\n\n\n<div class=\"wp-block-group has-light-gray-background-color has-background\"><div class=\"wp-block-group__inner-container is-layout-flow wp-block-group-is-layout-flow\">\n<h3 class=\"wp-block-heading\"><strong>Unsere Ideen \/ Forderungen:<\/strong><\/h3>\n\n\n\n<ul class=\"wp-block-list\"><li>Wir wollen Landwirte politisch darin unterst\u00fctzen, ihren Betrieb vom konventionellen Landbau auf \u00f6kologische Landwirtschaft (Bio) umzustellen.<\/li><li>F\u00fcr ein besseres Tierleben haben wir stetige Ver- besserungen als Ziel: Wir setzen uns f\u00fcr artge- rechte und biologische Tierhaltung ein.<\/li><li>Die Slow-Food-Bewegung ist zu unterst\u00fctzen, denn da setzt eine gesunde Ern\u00e4hrung an und sie bietet Schutz vor mancher Zivilisationskrankheit.<\/li><li>Wir wollen das Bewusstsein f\u00fcr saisonales und regionales Essen st\u00e4rken und setzen uns f\u00fcr den Verkauf regionaler Lebensmittel ein.<\/li><li>Monokulturen in der Landwirtschaft m\u00fcssen eingeschr\u00e4nkt werden. Die Verindustrialisierung landwirtschaftlicher Fl\u00e4chen mit dem einzigen Zweck die Naturprodukte den Biogasanlagen zur Energiegewinnung zu zuf\u00fchren, lehnen wir ab.<\/li><li>Die Gemeinde informiert auf ihrer Homepage \u00fcber Bezugsquellen biologischer bzw. regional angebauter Lebensmittel.<\/li><\/ul>\n<\/div><\/div>\n\n\n\n<h2 class=\"has-white-color has-text-color has-background wp-block-heading\" style=\"background-color:#e84e0f\">M\u00fcllvermeidung, M\u00fcllentsorgung<\/h2>\n\n\n\n<p>Borchen hat sich durch die starke Beteiligung der B\u00fcrgerInnen, der FWB und anderer Gruppen gegen eine M\u00fcllverbrennung in Paderborn M\u00f6nkeloh weh- ren k\u00f6nnen. Um das Problem der Abfallentsorgung weiter anzugehen und damit die Verbrennung nicht&nbsp;einfach nur irgendwo anders stattfindet, m\u00fcssen die&nbsp;M\u00fcllmengen reduziert werden. Nur M\u00fcll der nichtentsteht, muss nicht entsorgt werden; weggeworfene&nbsp;Rohstoffe sind verlorene Rohstoffe.<\/p>\n\n\n\n<div class=\"wp-block-group has-light-gray-background-color has-background\"><div class=\"wp-block-group__inner-container is-layout-flow wp-block-group-is-layout-flow\">\n<h3 class=\"wp-block-heading\"><strong>Unsere Ideen \/ Forderungen:<\/strong><\/h3>\n\n\n\n<ul class=\"wp-block-list\"><li>Zur besseren Entsorgung von Gr\u00fcnschnitt wird eine zentrale Sammelstelle f\u00fcr Gartenabf\u00e4lle ein- gerichtet. Dies verringert die Anfahrtswege und wirkt sich positiv auf die CO2-Bilanz aus.<\/li><li>Einrichten einer Gebrauchtb\u00f6rse auf der Home- page der Gemeinde Borchen<\/li><li>\u00dcbergangsnutzung einer der leerstehenden Ge-&nbsp;sch\u00e4ftsfl\u00e4chen f\u00fcr einen Gebrauchtmarkt.<\/li><li>Papier- und Stoff statt Plastik: Die Gemeinde ent- wickelt zusammen mit den Gewerbetreibenden eine Stofftasche, die auch als Werbetr\u00e4ger f\u00fcr \u201eEinkaufen vor Ort in Borchen\u201c geeignet ist.<\/li><li>Unterst\u00fctzung der Bring-Back-Bag-Initiative<\/li><\/ul>\n<\/div><\/div>\n","protected":false},"excerpt":{"rendered":"<p>Wir tragen die Verantwortung f\u00fcr unsere Umwelt und die der kommenden Generationen. Mit unserem Handeln k\u00f6nnen wir positiv Einfluss nehmen. Umgang mit Energie Dem Umstieg auf saubere, regenerative Energien sind wir n\u00e4her gekommen denn je zuvor. Zuk\u00fcnftige Generationen profitieren von<\/p>\n","protected":false},"author":1,"featured_media":0,"parent":2,"menu_order":0,"comment_status":"closed","ping_status":"closed","template":"templates\/template-no-sidebar.php","meta":{"footnotes":""},"class_list":["post-29","page","type-page","status-publish","hentry","comments-off"],"yoast_head":"<!-- This site is optimized with the Yoast SEO plugin v27.5 - https:\/\/yoast.com\/product\/yoast-seo-wordpress\/ -->\n<title>FWB f\u00fcr Umwelt - Weil wir Borchen lieben<\/title>\n<meta name=\"robots\" content=\"index, follow, max-snippet:-1, max-image-preview:large, max-video-preview:-1\" \/>\n<link rel=\"canonical\" href=\"https:\/\/www.fwb-borchen.de\/?page_id=29\" \/>\n<meta property=\"og:locale\" content=\"de_DE\" \/>\n<meta property=\"og:type\" content=\"article\" \/>\n<meta property=\"og:title\" content=\"FWB f\u00fcr Umwelt - Weil wir Borchen lieben\" \/>\n<meta property=\"og:description\" content=\"Wir tragen die Verantwortung f\u00fcr unsere Umwelt und die der kommenden Generationen. Mit unserem Handeln k\u00f6nnen wir positiv Einfluss nehmen. Umgang mit Energie Dem Umstieg auf saubere, regenerative Energien sind wir n\u00e4her gekommen denn je zuvor. Zuk\u00fcnftige Generationen profitieren von\" \/>\n<meta property=\"og:url\" content=\"https:\/\/www.fwb-borchen.de\/?page_id=29\" \/>\n<meta property=\"og:site_name\" content=\"Weil wir Borchen lieben\" \/>\n<meta property=\"article:publisher\" content=\"https:\/\/www.facebook.com\/fwbborchen\" \/>\n<meta property=\"article:modified_time\" content=\"2020-09-04T18:14:50+00:00\" \/>\n<meta property=\"og:image\" content=\"https:\/\/www.fwb-borchen.de\/wp-content\/uploads\/2020\/09\/umwelt_klima_fwb_borchen-683x1024.jpg\" \/>\n<meta name=\"twitter:card\" content=\"summary_large_image\" \/>\n<meta name=\"twitter:label1\" content=\"Gesch\u00e4tzte Lesezeit\" \/>\n\t<meta name=\"twitter:data1\" content=\"7\u00a0Minuten\" \/>\n<script type=\"application\/ld+json\" class=\"yoast-schema-graph\">{\"@context\":\"https:\\\/\\\/schema.org\",\"@graph\":[{\"@type\":\"WebPage\",\"@id\":\"https:\\\/\\\/www.fwb-borchen.de\\\/?page_id=29\",\"url\":\"https:\\\/\\\/www.fwb-borchen.de\\\/?page_id=29\",\"name\":\"FWB f\u00fcr Umwelt - Weil wir Borchen lieben\",\"isPartOf\":{\"@id\":\"https:\\\/\\\/www.fwb-borchen.de\\\/#website\"},\"primaryImageOfPage\":{\"@id\":\"https:\\\/\\\/www.fwb-borchen.de\\\/?page_id=29#primaryimage\"},\"image\":{\"@id\":\"https:\\\/\\\/www.fwb-borchen.de\\\/?page_id=29#primaryimage\"},\"thumbnailUrl\":\"https:\\\/\\\/www.fwb-borchen.de\\\/wp-content\\\/uploads\\\/2020\\\/09\\\/umwelt_klima_fwb_borchen-683x1024.jpg\",\"datePublished\":\"2020-08-14T19:50:59+00:00\",\"dateModified\":\"2020-09-04T18:14:50+00:00\",\"breadcrumb\":{\"@id\":\"https:\\\/\\\/www.fwb-borchen.de\\\/?page_id=29#breadcrumb\"},\"inLanguage\":\"de\",\"potentialAction\":[{\"@type\":\"ReadAction\",\"target\":[\"https:\\\/\\\/www.fwb-borchen.de\\\/?page_id=29\"]}]},{\"@type\":\"ImageObject\",\"inLanguage\":\"de\",\"@id\":\"https:\\\/\\\/www.fwb-borchen.de\\\/?page_id=29#primaryimage\",\"url\":\"https:\\\/\\\/i0.wp.com\\\/www.fwb-borchen.de\\\/wp-content\\\/uploads\\\/2020\\\/09\\\/umwelt_klima_fwb_borchen.jpg?fit=800%2C1200&ssl=1\",\"contentUrl\":\"https:\\\/\\\/i0.wp.com\\\/www.fwb-borchen.de\\\/wp-content\\\/uploads\\\/2020\\\/09\\\/umwelt_klima_fwb_borchen.jpg?fit=800%2C1200&ssl=1\",\"width\":800,\"height\":1200,\"caption\":\"Umwelt- und Klimaschutz in BOrchen\"},{\"@type\":\"BreadcrumbList\",\"@id\":\"https:\\\/\\\/www.fwb-borchen.de\\\/?page_id=29#breadcrumb\",\"itemListElement\":[{\"@type\":\"ListItem\",\"position\":1,\"name\":\"Startseite\",\"item\":\"https:\\\/\\\/www.fwb-borchen.de\\\/\"},{\"@type\":\"ListItem\",\"position\":2,\"name\":\"Unser Programm\",\"item\":\"https:\\\/\\\/www.fwb-borchen.de\\\/?page_id=2\"},{\"@type\":\"ListItem\",\"position\":3,\"name\":\"FWB f\u00fcr Umwelt\"}]},{\"@type\":\"WebSite\",\"@id\":\"https:\\\/\\\/www.fwb-borchen.de\\\/#website\",\"url\":\"https:\\\/\\\/www.fwb-borchen.de\\\/\",\"name\":\"Weil wir Borchen lieben\",\"description\":\"\",\"publisher\":{\"@id\":\"https:\\\/\\\/www.fwb-borchen.de\\\/#organization\"},\"potentialAction\":[{\"@type\":\"SearchAction\",\"target\":{\"@type\":\"EntryPoint\",\"urlTemplate\":\"https:\\\/\\\/www.fwb-borchen.de\\\/?s={search_term_string}\"},\"query-input\":{\"@type\":\"PropertyValueSpecification\",\"valueRequired\":true,\"valueName\":\"search_term_string\"}}],\"inLanguage\":\"de\"},{\"@type\":\"Organization\",\"@id\":\"https:\\\/\\\/www.fwb-borchen.de\\\/#organization\",\"name\":\"Freie W\u00e4hlergemeinschaft Borchen e. V.\",\"url\":\"https:\\\/\\\/www.fwb-borchen.de\\\/\",\"logo\":{\"@type\":\"ImageObject\",\"inLanguage\":\"de\",\"@id\":\"https:\\\/\\\/www.fwb-borchen.de\\\/#\\\/schema\\\/logo\\\/image\\\/\",\"url\":\"https:\\\/\\\/i0.wp.com\\\/www.fwb-borchen.de\\\/wp-content\\\/uploads\\\/2020\\\/09\\\/2020_fwb_logo.jpg?fit=176%2C65&ssl=1\",\"contentUrl\":\"https:\\\/\\\/i0.wp.com\\\/www.fwb-borchen.de\\\/wp-content\\\/uploads\\\/2020\\\/09\\\/2020_fwb_logo.jpg?fit=176%2C65&ssl=1\",\"width\":176,\"height\":65,\"caption\":\"Freie W\u00e4hlergemeinschaft Borchen e. V.\"},\"image\":{\"@id\":\"https:\\\/\\\/www.fwb-borchen.de\\\/#\\\/schema\\\/logo\\\/image\\\/\"},\"sameAs\":[\"https:\\\/\\\/www.facebook.com\\\/fwbborchen\"]}]}<\/script>\n<!-- \/ Yoast SEO plugin. -->","yoast_head_json":{"title":"FWB f\u00fcr Umwelt - Weil wir Borchen lieben","robots":{"index":"index","follow":"follow","max-snippet":"max-snippet:-1","max-image-preview":"max-image-preview:large","max-video-preview":"max-video-preview:-1"},"canonical":"https:\/\/www.fwb-borchen.de\/?page_id=29","og_locale":"de_DE","og_type":"article","og_title":"FWB f\u00fcr Umwelt - Weil wir Borchen lieben","og_description":"Wir tragen die Verantwortung f\u00fcr unsere Umwelt und die der kommenden Generationen. Mit unserem Handeln k\u00f6nnen wir positiv Einfluss nehmen. Umgang mit Energie Dem Umstieg auf saubere, regenerative Energien sind wir n\u00e4her gekommen denn je zuvor. Zuk\u00fcnftige Generationen profitieren von","og_url":"https:\/\/www.fwb-borchen.de\/?page_id=29","og_site_name":"Weil wir Borchen lieben","article_publisher":"https:\/\/www.facebook.com\/fwbborchen","article_modified_time":"2020-09-04T18:14:50+00:00","og_image":[{"url":"https:\/\/www.fwb-borchen.de\/wp-content\/uploads\/2020\/09\/umwelt_klima_fwb_borchen-683x1024.jpg","type":"","width":"","height":""}],"twitter_card":"summary_large_image","twitter_misc":{"Gesch\u00e4tzte Lesezeit":"7\u00a0Minuten"},"schema":{"@context":"https:\/\/schema.org","@graph":[{"@type":"WebPage","@id":"https:\/\/www.fwb-borchen.de\/?page_id=29","url":"https:\/\/www.fwb-borchen.de\/?page_id=29","name":"FWB f\u00fcr Umwelt - Weil wir Borchen lieben","isPartOf":{"@id":"https:\/\/www.fwb-borchen.de\/#website"},"primaryImageOfPage":{"@id":"https:\/\/www.fwb-borchen.de\/?page_id=29#primaryimage"},"image":{"@id":"https:\/\/www.fwb-borchen.de\/?page_id=29#primaryimage"},"thumbnailUrl":"https:\/\/www.fwb-borchen.de\/wp-content\/uploads\/2020\/09\/umwelt_klima_fwb_borchen-683x1024.jpg","datePublished":"2020-08-14T19:50:59+00:00","dateModified":"2020-09-04T18:14:50+00:00","breadcrumb":{"@id":"https:\/\/www.fwb-borchen.de\/?page_id=29#breadcrumb"},"inLanguage":"de","potentialAction":[{"@type":"ReadAction","target":["https:\/\/www.fwb-borchen.de\/?page_id=29"]}]},{"@type":"ImageObject","inLanguage":"de","@id":"https:\/\/www.fwb-borchen.de\/?page_id=29#primaryimage","url":"https:\/\/i0.wp.com\/www.fwb-borchen.de\/wp-content\/uploads\/2020\/09\/umwelt_klima_fwb_borchen.jpg?fit=800%2C1200&ssl=1","contentUrl":"https:\/\/i0.wp.com\/www.fwb-borchen.de\/wp-content\/uploads\/2020\/09\/umwelt_klima_fwb_borchen.jpg?fit=800%2C1200&ssl=1","width":800,"height":1200,"caption":"Umwelt- und Klimaschutz in BOrchen"},{"@type":"BreadcrumbList","@id":"https:\/\/www.fwb-borchen.de\/?page_id=29#breadcrumb","itemListElement":[{"@type":"ListItem","position":1,"name":"Startseite","item":"https:\/\/www.fwb-borchen.de\/"},{"@type":"ListItem","position":2,"name":"Unser Programm","item":"https:\/\/www.fwb-borchen.de\/?page_id=2"},{"@type":"ListItem","position":3,"name":"FWB f\u00fcr Umwelt"}]},{"@type":"WebSite","@id":"https:\/\/www.fwb-borchen.de\/#website","url":"https:\/\/www.fwb-borchen.de\/","name":"Weil wir Borchen lieben","description":"","publisher":{"@id":"https:\/\/www.fwb-borchen.de\/#organization"},"potentialAction":[{"@type":"SearchAction","target":{"@type":"EntryPoint","urlTemplate":"https:\/\/www.fwb-borchen.de\/?s={search_term_string}"},"query-input":{"@type":"PropertyValueSpecification","valueRequired":true,"valueName":"search_term_string"}}],"inLanguage":"de"},{"@type":"Organization","@id":"https:\/\/www.fwb-borchen.de\/#organization","name":"Freie W\u00e4hlergemeinschaft Borchen e. V.","url":"https:\/\/www.fwb-borchen.de\/","logo":{"@type":"ImageObject","inLanguage":"de","@id":"https:\/\/www.fwb-borchen.de\/#\/schema\/logo\/image\/","url":"https:\/\/i0.wp.com\/www.fwb-borchen.de\/wp-content\/uploads\/2020\/09\/2020_fwb_logo.jpg?fit=176%2C65&ssl=1","contentUrl":"https:\/\/i0.wp.com\/www.fwb-borchen.de\/wp-content\/uploads\/2020\/09\/2020_fwb_logo.jpg?fit=176%2C65&ssl=1","width":176,"height":65,"caption":"Freie W\u00e4hlergemeinschaft Borchen e. V."},"image":{"@id":"https:\/\/www.fwb-borchen.de\/#\/schema\/logo\/image\/"},"sameAs":["https:\/\/www.facebook.com\/fwbborchen"]}]}},"jetpack_sharing_enabled":true,"_links":{"self":[{"href":"https:\/\/www.fwb-borchen.de\/index.php?rest_route=\/wp\/v2\/pages\/29","targetHints":{"allow":["GET"]}}],"collection":[{"href":"https:\/\/www.fwb-borchen.de\/index.php?rest_route=\/wp\/v2\/pages"}],"about":[{"href":"https:\/\/www.fwb-borchen.de\/index.php?rest_route=\/wp\/v2\/types\/page"}],"author":[{"embeddable":true,"href":"https:\/\/www.fwb-borchen.de\/index.php?rest_route=\/wp\/v2\/users\/1"}],"replies":[{"embeddable":true,"href":"https:\/\/www.fwb-borchen.de\/index.php?rest_route=%2Fwp%2Fv2%2Fcomments&post=29"}],"version-history":[{"count":7,"href":"https:\/\/www.fwb-borchen.de\/index.php?rest_route=\/wp\/v2\/pages\/29\/revisions"}],"predecessor-version":[{"id":238,"href":"https:\/\/www.fwb-borchen.de\/index.php?rest_route=\/wp\/v2\/pages\/29\/revisions\/238"}],"up":[{"embeddable":true,"href":"https:\/\/www.fwb-borchen.de\/index.php?rest_route=\/wp\/v2\/pages\/2"}],"wp:attachment":[{"href":"https:\/\/www.fwb-borchen.de\/index.php?rest_route=%2Fwp%2Fv2%2Fmedia&parent=29"}],"curies":[{"name":"wp","href":"https:\/\/api.w.org\/{rel}","templated":true}]}}