{"id":126,"date":"2020-08-23T13:15:48","date_gmt":"2020-08-23T11:15:48","guid":{"rendered":"https:\/\/test.fwb-borchen.de\/?page_id=126"},"modified":"2020-08-24T11:12:36","modified_gmt":"2020-08-24T09:12:36","slug":"fwb-fuer-mobilitaet","status":"publish","type":"page","link":"https:\/\/www.fwb-borchen.de\/?page_id=126","title":{"rendered":"FWB f\u00fcr Mobilit\u00e4t"},"content":{"rendered":"\n<h2 class=\"has-white-color has-text-color has-background wp-block-heading\" style=\"background-color:#e84e0f\">Mobilit\u00e4t: Busfahren in Borchen<\/h2>\n\n\n\n<p>Borchen h\u00e4ngt vor allem wegen schlechter Busverbindungen in den Abendbereichen und am Wochenende am Auto.<\/p>\n\n\n\n<h3 class=\"wp-block-heading\">Standard halten und verbessern.<\/h3>\n\n\n\n<p>Neue Konzepte vernetzter Mobilit\u00e4t sind in Zukunft gefragt. Weiter gilt es, den heutigen Standard im Busverkehr zumindest f\u00fcr Alfen, Nord- und Kirchborchen zu halten, bzw. in den Randstunden wieder auszubauen.<\/p>\n\n\n\n<p>Die Anbindung in Etteln und D\u00f6renhagen ist unterdurchschnittlich und muss daher zur Verbesserung der Attraktivit\u00e4t des \u00d6PNV und im Sinne des Klimaschutzes verbessert werden.<\/p>\n\n\n\n<div class=\"wp-block-group\"><div class=\"wp-block-group__inner-container is-layout-flow wp-block-group-is-layout-flow\">\n<div class=\"wp-block-group has-light-gray-background-color has-background\"><div class=\"wp-block-group__inner-container is-layout-flow wp-block-group-is-layout-flow\">\n<h3 class=\"wp-block-heading\">Unsere Ideen \/ Forderungen:<\/h3>\n\n\n\n<ul class=\"wp-block-list\"><li>Erhalt der bestehenden Busverbindungen von Borchen nach Paderborn und zur\u00fcck.<\/li><li>Erweiterung des Nachtbusangebotes nach Etteln und Alfen von 2 auf 3 Fahrten.<\/li><li>Neuschaffung mindestens einer R\u00fcckfahrm\u00f6glichkeit mit dem Nachtbus aus den Ortsteilen.<\/li><li>Preissenkung der Busfahrten von Nord- und Kirchborchen nach Paderborn von Preisstufe 2 (4,- Euro) auf PB (2,70 Euro). <\/li><li>Wiedereinf\u00fchrung des Libori-Tickets.<\/li><li>Bessere Ausleuchtung der Bushaltestellen.<\/li><li>Bei Borchener Veranstaltungen Einsatzbusse in die Ortsteile, Fahrtzeiten angelehnt an den Nachtbus <br>(Zielgruppe 15-25<\/li><li>Erhalt der Trassenf\u00fchrung der Almetalbahn, f\u00fcr eine zuk\u00fcnftige Nutzung als Radweg, f\u00fcr einen autonomen Bus oder als nat\u00fcrlichen Lebensraum f\u00fcr Tiere und Pflanzen.<\/li><\/ul>\n<\/div><\/div>\n\n\n\n<p><\/p>\n<\/div><\/div>\n\n\n\n<h2 class=\"has-white-color has-text-color has-background wp-block-heading\" style=\"background-color:#e84e0f\">Mobilit\u00e4t: Radfahren in Borchen<\/h2>\n\n\n\n<p>Borchen verf\u00fcgt \u00fcber ein gut genutztes Radwegenetz. Neue Wege sind erforderlich, um die Attraktivit\u00e4t des Radfahrens weiter zu erh\u00f6hen und die Nutzung zu erh\u00f6hen. Dies ist aber nur dann sinnvoll, wenn f\u00fcr den geplanten Weg eine Akzeptanz absehbar ist.<\/p>\n\n\n\n<h3 class=\"wp-block-heading\">Rad und E-Bike f\u00f6rdern.<\/h3>\n\n\n\n<p>Insgesamt muss das Radfahren im Borchener Verkehrsmix eine h\u00f6here Bedeutung erhalten. Auf<br>Zweiradfahrer ist noch mehr hinzuweisen, die Wege sind besser zu kennzeichnen und auszuschildern. Mit entsprechenden Fahrradstationen und Lades\u00e4ulen kann dar\u00fcber hinaus der E-Bike-Verkehr und der sanfte Tourismus weiter gef\u00f6rdert werden.<\/p>\n\n\n\n<div class=\"wp-block-group has-light-gray-background-color has-background\"><div class=\"wp-block-group__inner-container is-layout-flow wp-block-group-is-layout-flow\">\n<h3 class=\"wp-block-heading\">Unsere Ideen \/ Forderungen:<\/h3>\n\n\n\n<ul class=\"wp-block-list\"><li>Sanierung und bessere Ausschilderung der vorhandenen Radwege.<\/li><li>Ausbau eines Radweges an der L755 (Paderborner Stra\u00dfe) mit Anschluss nach Paderborn.<\/li><li>Neuauflage des Radwegeplans von Borchen.<\/li><li>Beleuchtung der Fahrradwege zwischen Etteln und Kirchborchen mit solargetriebenen LED-Leuchten.<\/li><li>Aktionstage mit Events an den Fahrradwegen zur F\u00f6rderung des sanften Tourismus.<\/li><li>Radtreffen f\u00fcr Sch\u00fclerInnen zu den Schulen.<\/li><\/ul>\n<\/div><\/div>\n\n\n\n<p><\/p>\n\n\n\n<h2 class=\"has-white-color has-text-color has-background wp-block-heading\" style=\"background-color:#e84e0f\">Mobilit\u00e4t: Autofahren in Borchen<\/h2>\n\n\n\n<p>Ein Umdenken im Stra\u00dfenverkehr zeigt Wirkung. Verkehrsinseln beruhigen und sichern streckenweise<br>\u2013 aber noch unzureichend. Teilweise sind die Wohngebiete verkehrsberuhigte Zonen, zum Teil<br>sind sie als Spielstra\u00dfen ausgewiesen, doch die Geschwindigkeiten werden in den Orten insgesamt zu<br>wenig verringert.<\/p>\n\n\n\n<h3 class=\"wp-block-heading\">Mensch und Tier in Gefahr.<\/h3>\n\n\n\n<p>Menschen und Tiere bleiben innerorts in Gefahr. Auch dient der Verkehrswegeausbau immer noch<br>vorrangig den Autos. Andere Verkehrsteilnehmer sind weiterhin gef\u00e4hrdet. An manchen Stellen ist<br>die Verkehrsf\u00fchrung verbesserbar.<\/p>\n\n\n\n<div class=\"wp-block-group has-light-gray-background-color has-background\"><div class=\"wp-block-group__inner-container is-layout-flow wp-block-group-is-layout-flow\">\n<h3 class=\"wp-block-heading\">Unsere Ideen \/ Forderungen:<\/h3>\n\n\n\n<ul class=\"wp-block-list\"><li>Rechts vor links in allen Ortsteilen (mit Ausnahme der Kreisstra\u00dfen).<\/li><li>Mehr Zebrastreifen und Fu\u00dfg\u00e4ngerampeln mit l\u00e4ngerer Schaltungsdauer.<\/li><li>Ampel\u00fcbergang \/ Zebrastreifen am Hessenberg \/ Stadtweg und an der Paderborner Stra\u00dfe (Esso-Tankstelle).<\/li><li>Kreisverkehre an den Ortseing\u00e4ngen, u. a. in Alfen und in Kirchborchen in N\u00e4he der Autobahnabfahrt \/ Pendlerparkplatz.<\/li><li>Verl\u00e4ngerung des Tempolimits von 120 auf der Autobahn im Bereich der Gemeinde Borchen von Paderborn aus bis zur Abfahrt Alfen.<\/li><li>Verst\u00e4rkte Geschwindigkeitskontrollen in der Gemeinde Borchen.<\/li><li>Carsharing in allen Ortsteilen.<\/li><li>Planung und Aufbau von E-Ladestellen zur F\u00f6rderung der E-Mobilit\u00e4t.<\/li><li>Anschluss an das Leihsystem f\u00fcr E-Roller.<\/li><li>Errichtung von Elternparkpl\u00e4tzen in einiger Entfernung der Schulen \/ der Kinderg\u00e4rten, um den direkten Bringverkehr zu reduzieren.<\/li><li>Stra\u00dfenverengung \/ Verkehrsberuhigung in breiten Tempo 30 Zonen, u. a. Sonnenbergstra\u00dfe, Th\u00fcringer Weg, usw.<\/li><\/ul>\n<\/div><\/div>\n","protected":false},"excerpt":{"rendered":"<p>Mobilit\u00e4t: Busfahren in Borchen Borchen h\u00e4ngt vor allem wegen schlechter Busverbindungen in den Abendbereichen und am Wochenende am Auto. Standard halten und verbessern. Neue Konzepte vernetzter Mobilit\u00e4t sind in Zukunft gefragt. Weiter gilt es, den heutigen Standard im Busverkehr zumindest<\/p>\n","protected":false},"author":1,"featured_media":0,"parent":2,"menu_order":0,"comment_status":"closed","ping_status":"closed","template":"","meta":{"footnotes":""},"class_list":["post-126","page","type-page","status-publish","hentry","comments-off"],"yoast_head":"<!-- This site is optimized with the Yoast SEO plugin v27.5 - https:\/\/yoast.com\/product\/yoast-seo-wordpress\/ -->\n<title>FWB f\u00fcr Mobilit\u00e4t - Weil wir Borchen lieben<\/title>\n<meta name=\"robots\" content=\"index, follow, max-snippet:-1, max-image-preview:large, max-video-preview:-1\" \/>\n<link rel=\"canonical\" href=\"https:\/\/www.fwb-borchen.de\/?page_id=126\" \/>\n<meta property=\"og:locale\" content=\"de_DE\" \/>\n<meta property=\"og:type\" content=\"article\" \/>\n<meta property=\"og:title\" content=\"FWB f\u00fcr Mobilit\u00e4t - Weil wir Borchen lieben\" \/>\n<meta property=\"og:description\" content=\"Mobilit\u00e4t: Busfahren in Borchen Borchen h\u00e4ngt vor allem wegen schlechter Busverbindungen in den Abendbereichen und am Wochenende am Auto. Standard halten und verbessern. Neue Konzepte vernetzter Mobilit\u00e4t sind in Zukunft gefragt. Weiter gilt es, den heutigen Standard im Busverkehr zumindest\" \/>\n<meta property=\"og:url\" content=\"https:\/\/www.fwb-borchen.de\/?page_id=126\" \/>\n<meta property=\"og:site_name\" content=\"Weil wir Borchen lieben\" \/>\n<meta property=\"article:publisher\" content=\"https:\/\/www.facebook.com\/fwbborchen\" \/>\n<meta property=\"article:modified_time\" content=\"2020-08-24T09:12:36+00:00\" \/>\n<meta name=\"twitter:card\" content=\"summary_large_image\" \/>\n<meta name=\"twitter:label1\" content=\"Gesch\u00e4tzte Lesezeit\" \/>\n\t<meta name=\"twitter:data1\" content=\"3\u00a0Minuten\" \/>\n<script type=\"application\/ld+json\" class=\"yoast-schema-graph\">{\"@context\":\"https:\\\/\\\/schema.org\",\"@graph\":[{\"@type\":\"WebPage\",\"@id\":\"https:\\\/\\\/www.fwb-borchen.de\\\/?page_id=126\",\"url\":\"https:\\\/\\\/www.fwb-borchen.de\\\/?page_id=126\",\"name\":\"FWB f\u00fcr Mobilit\u00e4t - Weil wir Borchen lieben\",\"isPartOf\":{\"@id\":\"https:\\\/\\\/www.fwb-borchen.de\\\/#website\"},\"datePublished\":\"2020-08-23T11:15:48+00:00\",\"dateModified\":\"2020-08-24T09:12:36+00:00\",\"breadcrumb\":{\"@id\":\"https:\\\/\\\/www.fwb-borchen.de\\\/?page_id=126#breadcrumb\"},\"inLanguage\":\"de\",\"potentialAction\":[{\"@type\":\"ReadAction\",\"target\":[\"https:\\\/\\\/www.fwb-borchen.de\\\/?page_id=126\"]}]},{\"@type\":\"BreadcrumbList\",\"@id\":\"https:\\\/\\\/www.fwb-borchen.de\\\/?page_id=126#breadcrumb\",\"itemListElement\":[{\"@type\":\"ListItem\",\"position\":1,\"name\":\"Startseite\",\"item\":\"https:\\\/\\\/www.fwb-borchen.de\\\/\"},{\"@type\":\"ListItem\",\"position\":2,\"name\":\"Unser Programm\",\"item\":\"https:\\\/\\\/www.fwb-borchen.de\\\/?page_id=2\"},{\"@type\":\"ListItem\",\"position\":3,\"name\":\"FWB f\u00fcr Mobilit\u00e4t\"}]},{\"@type\":\"WebSite\",\"@id\":\"https:\\\/\\\/www.fwb-borchen.de\\\/#website\",\"url\":\"https:\\\/\\\/www.fwb-borchen.de\\\/\",\"name\":\"Weil wir Borchen lieben\",\"description\":\"\",\"publisher\":{\"@id\":\"https:\\\/\\\/www.fwb-borchen.de\\\/#organization\"},\"potentialAction\":[{\"@type\":\"SearchAction\",\"target\":{\"@type\":\"EntryPoint\",\"urlTemplate\":\"https:\\\/\\\/www.fwb-borchen.de\\\/?s={search_term_string}\"},\"query-input\":{\"@type\":\"PropertyValueSpecification\",\"valueRequired\":true,\"valueName\":\"search_term_string\"}}],\"inLanguage\":\"de\"},{\"@type\":\"Organization\",\"@id\":\"https:\\\/\\\/www.fwb-borchen.de\\\/#organization\",\"name\":\"Freie W\u00e4hlergemeinschaft Borchen e. V.\",\"url\":\"https:\\\/\\\/www.fwb-borchen.de\\\/\",\"logo\":{\"@type\":\"ImageObject\",\"inLanguage\":\"de\",\"@id\":\"https:\\\/\\\/www.fwb-borchen.de\\\/#\\\/schema\\\/logo\\\/image\\\/\",\"url\":\"https:\\\/\\\/i0.wp.com\\\/www.fwb-borchen.de\\\/wp-content\\\/uploads\\\/2020\\\/09\\\/2020_fwb_logo.jpg?fit=176%2C65&ssl=1\",\"contentUrl\":\"https:\\\/\\\/i0.wp.com\\\/www.fwb-borchen.de\\\/wp-content\\\/uploads\\\/2020\\\/09\\\/2020_fwb_logo.jpg?fit=176%2C65&ssl=1\",\"width\":176,\"height\":65,\"caption\":\"Freie W\u00e4hlergemeinschaft Borchen e. V.\"},\"image\":{\"@id\":\"https:\\\/\\\/www.fwb-borchen.de\\\/#\\\/schema\\\/logo\\\/image\\\/\"},\"sameAs\":[\"https:\\\/\\\/www.facebook.com\\\/fwbborchen\"]}]}<\/script>\n<!-- \/ Yoast SEO plugin. -->","yoast_head_json":{"title":"FWB f\u00fcr Mobilit\u00e4t - Weil wir Borchen lieben","robots":{"index":"index","follow":"follow","max-snippet":"max-snippet:-1","max-image-preview":"max-image-preview:large","max-video-preview":"max-video-preview:-1"},"canonical":"https:\/\/www.fwb-borchen.de\/?page_id=126","og_locale":"de_DE","og_type":"article","og_title":"FWB f\u00fcr Mobilit\u00e4t - Weil wir Borchen lieben","og_description":"Mobilit\u00e4t: Busfahren in Borchen Borchen h\u00e4ngt vor allem wegen schlechter Busverbindungen in den Abendbereichen und am Wochenende am Auto. Standard halten und verbessern. Neue Konzepte vernetzter Mobilit\u00e4t sind in Zukunft gefragt. Weiter gilt es, den heutigen Standard im Busverkehr zumindest","og_url":"https:\/\/www.fwb-borchen.de\/?page_id=126","og_site_name":"Weil wir Borchen lieben","article_publisher":"https:\/\/www.facebook.com\/fwbborchen","article_modified_time":"2020-08-24T09:12:36+00:00","twitter_card":"summary_large_image","twitter_misc":{"Gesch\u00e4tzte Lesezeit":"3\u00a0Minuten"},"schema":{"@context":"https:\/\/schema.org","@graph":[{"@type":"WebPage","@id":"https:\/\/www.fwb-borchen.de\/?page_id=126","url":"https:\/\/www.fwb-borchen.de\/?page_id=126","name":"FWB f\u00fcr Mobilit\u00e4t - Weil wir Borchen lieben","isPartOf":{"@id":"https:\/\/www.fwb-borchen.de\/#website"},"datePublished":"2020-08-23T11:15:48+00:00","dateModified":"2020-08-24T09:12:36+00:00","breadcrumb":{"@id":"https:\/\/www.fwb-borchen.de\/?page_id=126#breadcrumb"},"inLanguage":"de","potentialAction":[{"@type":"ReadAction","target":["https:\/\/www.fwb-borchen.de\/?page_id=126"]}]},{"@type":"BreadcrumbList","@id":"https:\/\/www.fwb-borchen.de\/?page_id=126#breadcrumb","itemListElement":[{"@type":"ListItem","position":1,"name":"Startseite","item":"https:\/\/www.fwb-borchen.de\/"},{"@type":"ListItem","position":2,"name":"Unser Programm","item":"https:\/\/www.fwb-borchen.de\/?page_id=2"},{"@type":"ListItem","position":3,"name":"FWB f\u00fcr Mobilit\u00e4t"}]},{"@type":"WebSite","@id":"https:\/\/www.fwb-borchen.de\/#website","url":"https:\/\/www.fwb-borchen.de\/","name":"Weil wir Borchen lieben","description":"","publisher":{"@id":"https:\/\/www.fwb-borchen.de\/#organization"},"potentialAction":[{"@type":"SearchAction","target":{"@type":"EntryPoint","urlTemplate":"https:\/\/www.fwb-borchen.de\/?s={search_term_string}"},"query-input":{"@type":"PropertyValueSpecification","valueRequired":true,"valueName":"search_term_string"}}],"inLanguage":"de"},{"@type":"Organization","@id":"https:\/\/www.fwb-borchen.de\/#organization","name":"Freie W\u00e4hlergemeinschaft Borchen e. V.","url":"https:\/\/www.fwb-borchen.de\/","logo":{"@type":"ImageObject","inLanguage":"de","@id":"https:\/\/www.fwb-borchen.de\/#\/schema\/logo\/image\/","url":"https:\/\/i0.wp.com\/www.fwb-borchen.de\/wp-content\/uploads\/2020\/09\/2020_fwb_logo.jpg?fit=176%2C65&ssl=1","contentUrl":"https:\/\/i0.wp.com\/www.fwb-borchen.de\/wp-content\/uploads\/2020\/09\/2020_fwb_logo.jpg?fit=176%2C65&ssl=1","width":176,"height":65,"caption":"Freie W\u00e4hlergemeinschaft Borchen e. V."},"image":{"@id":"https:\/\/www.fwb-borchen.de\/#\/schema\/logo\/image\/"},"sameAs":["https:\/\/www.facebook.com\/fwbborchen"]}]}},"jetpack_sharing_enabled":true,"_links":{"self":[{"href":"https:\/\/www.fwb-borchen.de\/index.php?rest_route=\/wp\/v2\/pages\/126","targetHints":{"allow":["GET"]}}],"collection":[{"href":"https:\/\/www.fwb-borchen.de\/index.php?rest_route=\/wp\/v2\/pages"}],"about":[{"href":"https:\/\/www.fwb-borchen.de\/index.php?rest_route=\/wp\/v2\/types\/page"}],"author":[{"embeddable":true,"href":"https:\/\/www.fwb-borchen.de\/index.php?rest_route=\/wp\/v2\/users\/1"}],"replies":[{"embeddable":true,"href":"https:\/\/www.fwb-borchen.de\/index.php?rest_route=%2Fwp%2Fv2%2Fcomments&post=126"}],"version-history":[{"count":4,"href":"https:\/\/www.fwb-borchen.de\/index.php?rest_route=\/wp\/v2\/pages\/126\/revisions"}],"predecessor-version":[{"id":179,"href":"https:\/\/www.fwb-borchen.de\/index.php?rest_route=\/wp\/v2\/pages\/126\/revisions\/179"}],"up":[{"embeddable":true,"href":"https:\/\/www.fwb-borchen.de\/index.php?rest_route=\/wp\/v2\/pages\/2"}],"wp:attachment":[{"href":"https:\/\/www.fwb-borchen.de\/index.php?rest_route=%2Fwp%2Fv2%2Fmedia&parent=126"}],"curies":[{"name":"wp","href":"https:\/\/api.w.org\/{rel}","templated":true}]}}